{"id":28,"date":"2016-08-03T17:40:21","date_gmt":"2016-08-03T15:40:21","guid":{"rendered":"http:\/\/parafia-ostrorog.pl\/?page_id=28"},"modified":"2016-10-02T13:06:42","modified_gmt":"2016-10-02T11:06:42","slug":"bierzmowanie","status":"publish","type":"page","link":"https:\/\/parafia-ostrorog.pl\/index.php\/sakramenty\/bierzmowanie\/","title":{"rendered":"Bierzmowanie"},"content":{"rendered":"<p style=\"text-align: center;\">\n\t<span style=\"color:#0000FF;\"><span style=\"font-size:18px;\"><span style=\"font-family:georgia,serif;\"><strong><em>SAKRAMENT BIERZMOWANIA<\/em><\/strong><\/span><\/span><\/span>\n<\/p>\n<p>\n\t<span style=\"color:#000000;\"><span style=\"font-size:16px;\"><span style=\"font-family:georgia,serif;\"><strong>Bierzmowanie<\/strong>&nbsp;jest to sakrament, w kt&oacute;rym Duch \u015awi\u0119ty udziela si\u0119 cz\u0142owiekowi ochrzczonemu jako Dar i umacnia go aby wiar\u0119 swoj\u0105 m\u0119\u017cnie wyznawa\u0142, broni\u0142 jej i wed\u0142ug niej \u017cy\u0142. Istotny obrz\u0119d bierzmowania sk\u0142ada si\u0119 &nbsp;z trzech element&oacute;w wykonywanych r&oacute;wnocze\u015bnie. S\u0105 to:<\/span><\/span><\/span>\n<\/p>\n<p>\n\t<span style=\"color:#000000;\"><span style=\"font-size:16px;\"><span style=\"font-family:georgia,serif;\">namaszczenie olejem Krzy\u017cma na czole ochrzczonego,<\/span><\/span><\/span>\n<\/p>\n<p>\n\t<span style=\"color:#000000;\"><span style=\"font-size:16px;\"><span style=\"font-family:georgia,serif;\">na\u0142o\u017cenie r\u0119ki biskupa na &nbsp;g\u0142ow\u0119 kandydata,<\/span><\/span><\/span>\n<\/p>\n<p>\n\t<span style=\"color:#000000;\"><span style=\"font-size:16px;\"><span style=\"font-family:georgia,serif;\">s\u0142owa:&nbsp;<strong>&quot;Przyjmij znami\u0119 daru Ducha \u015awi\u0119tego&quot;<\/strong>.<\/span><\/span><\/span>\n<\/p>\n<p>\n\t<span style=\"color:#000000;\"><span style=\"font-size:16px;\"><span style=\"font-family:georgia,serif;\"><strong>Skutki bierzmowania s\u0105 nast\u0119puj\u0105ce:<\/strong><\/span><\/span><\/span>\n<\/p>\n<p>\n\t<span style=\"color:#000000;\"><span style=\"font-size:16px;\"><span style=\"font-family:georgia,serif;\">udoskonala \u0142ask\u0119 chrztu,<\/span><\/span><\/span>\n<\/p>\n<p>\n\t<span style=\"color:#000000;\"><span style=\"font-size:16px;\"><span style=\"font-family:georgia,serif;\">g\u0142\u0119biej zakorzenia nas w synostwie Bo\u017cym,<\/span><\/span><\/span>\n<\/p>\n<p>\n\t<span style=\"color:#000000;\"><span style=\"font-size:16px;\"><span style=\"font-family:georgia,serif;\">\u015bci\u015blej jednoczy nas z Chrystusem,<\/span><\/span><\/span>\n<\/p>\n<p>\n\t<span style=\"color:#000000;\"><span style=\"font-size:16px;\"><span style=\"font-family:georgia,serif;\">pomna\u017ca w nas dary Ducha \u015awi\u0119tego,<\/span><\/span><\/span>\n<\/p>\n<p>\n\t<span style=\"color:#000000;\"><span style=\"font-size:16px;\"><span style=\"font-family:georgia,serif;\">udoskonala nasz\u0105 wi\u0119\u017a z Ko\u015bcio\u0142em,<\/span><\/span><\/span>\n<\/p>\n<p>\n\t<span style=\"color:#000000;\"><span style=\"font-size:16px;\"><span style=\"font-family:georgia,serif;\">umacnia do \u015bwiadczenia o wierze chrze\u015bcija\u0144skiej s\u0142owem i czynem.<\/span><\/span><\/span>\n<\/p>\n<p>\n\t<span style=\"color:#000000;\"><span style=\"font-size:16px;\"><span style=\"font-family:georgia,serif;\"><strong>Dokumenty potrzebne do sakramentu bierzmowania:<\/strong><\/span><\/span><\/span>\n<\/p>\n<p>\n\t<span style=\"color:#000000;\"><span style=\"font-size:16px;\"><span style=\"font-family:georgia,serif;\">Metryka chrztu (je\u015bli bierzmowanie jest w innej parafii ni\u017c by\u0142 chrzest).<\/span><\/span><\/span>\n<\/p>\n<p>\n\t<span style=\"color:#000000;\"><span style=\"font-size:16px;\"><span style=\"font-family:georgia,serif;\">Za\u015bwiadczenie o uczestnictwie w katechezie szkolnej lub ostatnie \u015bwiadectwo katechizacji.<\/span><\/span><\/span>\n<\/p>\n<p>\n\t<span style=\"color:#000000;\"><span style=\"font-size:16px;\"><span style=\"font-family:georgia,serif;\">W przypadku os&oacute;b starszych &#8211; \u015bwiadectwo uko\u0144czenia katechizacji.<\/span><\/span><\/span>\n<\/p>\n<p>\n\t<span style=\"color:#000000;\"><span style=\"font-size:16px;\"><span style=\"font-family:georgia,serif;\">Uko\u0144czenie katechizacji bezpo\u015brednio przygotowuj\u0105cej do sakramentu bierzmowania.<\/span><\/span><\/span>\n<\/p>\n<p style=\"text-align: center;\">\n\t<span style=\"color:#000000;\"><span style=\"font-size:16px;\"><span style=\"font-family:georgia,serif;\"><img loading=\"lazy\" decoding=\"async\" alt=\"szata\" class=\"alignnone size-medium wp-image-88\" height=\"300\" src=\"https:\/\/parafia-ostrorog.pl\/wp-content\/uploads\/2016\/08\/szata-194x300.jpg\" width=\"194\" srcset=\"https:\/\/parafia-ostrorog.pl\/wp-content\/uploads\/2016\/08\/szata-194x300.jpg 194w, https:\/\/parafia-ostrorog.pl\/wp-content\/uploads\/2016\/08\/szata.jpg 362w\" sizes=\"auto, (max-width: 194px) 100vw, 194px\" \/><\/span><\/span><\/span>\n<\/p>\n<p>\n\t<span style=\"color:#000000;\"><span style=\"font-size:16px;\"><span style=\"font-family:georgia,serif;\"><strong>Dary Ducha \u015awi\u0119tego:<\/strong><\/span><\/span><\/span>\n<\/p>\n<p>\n\t<span style=\"color:#000000;\"><span style=\"font-size:16px;\"><span style=\"font-family:georgia,serif;\">Dar m\u0105dro\u015bci,<br \/>\n\tDar rozumu,<br \/>\n\tDar umiej\u0119tno\u015bci,<br \/>\n\tDar rady,<br \/>\n\tDar m\u0119stwa,<br \/>\n\tDar pobo\u017cno\u015bci,<br \/>\n\tDar boja\u017ani Bo\u017cej.<\/span><\/span><\/span>\n<\/p>\n<p>\n\t<span style=\"color:#000000;\"><span style=\"font-size:16px;\"><span style=\"font-family:georgia,serif;\"><em><strong>Obrz\u0119dy sakramentu bierzmowania:<\/strong><\/em><\/span><\/span><\/span>\n<\/p>\n<p>\n\t<span style=\"color:#000000;\"><span style=\"font-size:16px;\"><span style=\"font-family:georgia,serif;\">przedstawienie kandydat&oacute;w biskupowi,<br \/>\n\tprzem&oacute;wienie biskupa do kandydat&oacute;w, uwzgl\u0119dniaj\u0105ce wszystkich wiernych obecnych,<br \/>\n\todnowienie przyrzecze\u0144 chrzestnych,<br \/>\n\tmodlitwa biskupa o Dary Ducha \u015awi\u0119tego, z wyci\u0105gni\u0119tymi r\u0119kami nad kandydatami,<br \/>\n\tudzielenie sakramentu bierzmowania ka\u017cdemu kandydatowi z osobna,<\/span><\/span><\/span>\n<\/p>\n<p>\n\t<span style=\"color:#000000;\"><span style=\"font-size:16px;\"><span style=\"font-family:georgia,serif;\"><strong><em>Przed homili\u0105 Biskup zwraca si\u0119 do m\u0142odzie\u017cy:<\/em><\/strong>&nbsp;Droga m\u0142odzie\u017cy, powiedzcie przed zgromadzonym tu Ko\u015bcio\u0142em, jakich \u0142ask oczekujecie od Boga w tym sakramencie?<\/span><\/span><\/span>\n<\/p>\n<p>\n\t<span style=\"color:#000000;\"><span style=\"font-size:16px;\"><span style=\"font-family:georgia,serif;\"><strong><em>Kandydaci:<\/em><\/strong><strong>&nbsp;<\/strong><strong>Pragniemy, aby Duch \u015awi\u0119ty, kt&oacute;rego otrzymamy, umocni\u0142 nas do m\u0119\u017cnego wyznawania wiary i do post\u0119powania wed\u0142ug jej zasad.<\/strong><strong>&nbsp;<\/strong><br \/>\n\t<strong><strong><em>Wszyscy:<\/em><\/strong>&nbsp;<\/strong>Amen.<\/span><\/span><\/span>\n<\/p>\n<p>\n\t<span style=\"color:#000000;\"><span style=\"font-size:16px;\"><span style=\"font-family:georgia,serif;\"><em>Na istotny obrz\u0119d bierzmowania sk\u0142ada si\u0119 namaszczenie olejem Krzy\u017cma na czole bierzmowanego, w\u0142o\u017cenie na jego g\u0142ow\u0119 r\u0119ki biskupa i s\u0142owa:<\/em><em>&nbsp;<\/em><br \/>\n\t<em>Biskup:<\/em> Przyjmij znami\u0119 daru Ducha \u015awi\u0119tego.<br \/>\n\t<em>Bierzmowany:<\/em> Amen.<br \/>\n\t<em>Biskup:<\/em> Pok&oacute;j z tob\u0105.<strong>&nbsp;<\/strong><br \/>\n\t<strong><strong><em>Bierzmowany: <\/em>I z duchem twoim.<\/strong><\/strong><\/span><\/span><\/span>\n<\/p>\n<p>\n\t<span style=\"color:#000000;\"><span style=\"font-size:16px;\"><span style=\"font-family:georgia,serif;\">&nbsp; &nbsp; &nbsp; &nbsp; &nbsp; &nbsp; &nbsp; &nbsp; &nbsp; Ka\u017cdy wybiera sobie imi\u0119, kt&oacute;re biskup nadaje przy bierzmowaniu.<br \/>\n\tImi\u0119 to trzeba podpowiedzie\u0107 biskupowi tu\u017c przed namaszczeniem.<br \/>\n\tmodlitwa powszechna,&nbsp;b\u0142ogos\u0142awie\u0144stwo ko\u0144cowe.<\/span><\/span><\/span>\n<\/p>\n<p style=\"text-align: center;\">\n\t<span style=\"color:#000000;\"><span style=\"font-size:16px;\"><span style=\"font-family:georgia,serif;\"><img loading=\"lazy\" decoding=\"async\" alt=\"gol\" class=\"alignnone size-medium wp-image-89\" height=\"300\" src=\"https:\/\/parafia-ostrorog.pl\/wp-content\/uploads\/2016\/08\/gol-290x300.jpg\" width=\"290\" srcset=\"https:\/\/parafia-ostrorog.pl\/wp-content\/uploads\/2016\/08\/gol-290x300.jpg 290w, https:\/\/parafia-ostrorog.pl\/wp-content\/uploads\/2016\/08\/gol.jpg 499w\" sizes=\"auto, (max-width: 290px) 100vw, 290px\" \/><\/span><\/span><\/span><\/p>\n","protected":false},"excerpt":{"rendered":"<p>SAKRAMENT BIERZMOWANIA Bierzmowanie&nbsp;jest to sakrament, w kt&oacute;rym Duch \u015awi\u0119ty udziela si\u0119 cz\u0142owiekowi ochrzczonemu jako Dar i umacnia go aby wiar\u0119 swoj\u0105 m\u0119\u017cnie wyznawa\u0142, broni\u0142 jej i wed\u0142ug niej \u017cy\u0142. Istotny obrz\u0119d bierzmowania sk\u0142ada si\u0119 &nbsp;z trzech element&oacute;w wykonywanych r&oacute;wnocze\u015bnie. S\u0105 to: namaszczenie olejem Krzy\u017cma na czole ochrzczonego, na\u0142o\u017cenie r\u0119ki biskupa na &nbsp;g\u0142ow\u0119 kandydata, s\u0142owa:&nbsp;&quot;Przyjmij znami\u0119 [&hellip;]<\/p>\n","protected":false},"author":1,"featured_media":0,"parent":24,"menu_order":7,"comment_status":"closed","ping_status":"closed","template":"","meta":{"ngg_post_thumbnail":0,"footnotes":""},"class_list":["post-28","page","type-page","status-publish","hentry"],"_links":{"self":[{"href":"https:\/\/parafia-ostrorog.pl\/index.php\/wp-json\/wp\/v2\/pages\/28","targetHints":{"allow":["GET"]}}],"collection":[{"href":"https:\/\/parafia-ostrorog.pl\/index.php\/wp-json\/wp\/v2\/pages"}],"about":[{"href":"https:\/\/parafia-ostrorog.pl\/index.php\/wp-json\/wp\/v2\/types\/page"}],"author":[{"embeddable":true,"href":"https:\/\/parafia-ostrorog.pl\/index.php\/wp-json\/wp\/v2\/users\/1"}],"replies":[{"embeddable":true,"href":"https:\/\/parafia-ostrorog.pl\/index.php\/wp-json\/wp\/v2\/comments?post=28"}],"version-history":[{"count":9,"href":"https:\/\/parafia-ostrorog.pl\/index.php\/wp-json\/wp\/v2\/pages\/28\/revisions"}],"predecessor-version":[{"id":1676,"href":"https:\/\/parafia-ostrorog.pl\/index.php\/wp-json\/wp\/v2\/pages\/28\/revisions\/1676"}],"up":[{"embeddable":true,"href":"https:\/\/parafia-ostrorog.pl\/index.php\/wp-json\/wp\/v2\/pages\/24"}],"wp:attachment":[{"href":"https:\/\/parafia-ostrorog.pl\/index.php\/wp-json\/wp\/v2\/media?parent=28"}],"curies":[{"name":"wp","href":"https:\/\/api.w.org\/{rel}","templated":true}]}}