{"id":44,"date":"2016-08-03T17:43:05","date_gmt":"2016-08-03T15:43:05","guid":{"rendered":"http:\/\/parafia-ostrorog.pl\/?page_id=44"},"modified":"2016-09-03T13:53:33","modified_gmt":"2016-09-03T11:53:33","slug":"mlodziez","status":"publish","type":"page","link":"https:\/\/parafia-ostrorog.pl\/index.php\/grupy-duszpasterskie\/mlodziez\/","title":{"rendered":"M\u0142odzie\u017c"},"content":{"rendered":"<p style=\"text-align: center;\">\n\t<span style=\"color:#000000;\"><span style=\"font-size: 22px;\"><strong>KSM<\/strong><\/span><\/span>\n<\/p>\n<p style=\"text-align: center;\">\n\t<span style=\"font-size:16px;\"><span style=\"color: rgb(0, 0, 0);\"><span style=\"font-family: georgia,serif;\">Katolickie Stowarzyszenie M\u0142odzie\u017cy oddzia\u0142 nr 91<br \/>\n\tw parafii pw. Wniebowzi\u0119cia Naj\u015bwi\u0119tszej Maryi Panny w Ostrorogu<\/span><\/span><\/span>\n<\/p>\n<p style=\"text-align: center;\">\n\t<span style=\"font-size:16px;\"><span style=\"color: rgb(0, 0, 0);\"><span style=\"font-family: georgia,serif;\">Nasz oddzia\u0142 zosta\u0142 za\u0142o\u017cony jako 91-wszy w Archidiecezji Pozna\u0144skiej dnia 09.04.2013 roku.<br \/>\n\tKSM jest stowarzyszeniem ko\u015bcielnym, kt&oacute;re zrzesza m\u0142odych katolik&oacute;w \u015bwieckich, dzia\u0142aj\u0105cym na terenie ca\u0142ej Polski. &bdquo;Zasadniczym celem Katolickiego Stowarzyszenia M\u0142odzie\u017cy &nbsp;jest kszta\u0142towanie dojrza\u0142ych chrze\u015bcijan oraz aktywne uczestnictwo we wsp&oacute;lnocie i misji Ko\u015bcio\u0142a przez szerzenie i upowszechnianie katolickich warto\u015bci i zasad we wszystkich dziedzinach \u017cycia, zw\u0142aszcza spo\u0142ecznego i kulturalnego.&rdquo; ~ fragment Statutu; Rozdzia\u0142 2, paragraf 13.<\/span><\/span><\/span>\n<\/p>\n<p style=\"text-align: center;\">\n\t<span style=\"font-size:16px;\"><span style=\"color: rgb(0, 0, 0);\"><span style=\"font-family: georgia,serif;\">KSM posiada: swoje god\u0142o &#8211; po\u0142\u0105czenie Krzy\u017ca i Or\u0142a Polskiego<br \/>\n\tw barwach narodowych i Maryjnych na \u017c&oacute;\u0142tym tle;<\/span><\/span><\/span>\n<\/p>\n<p style=\"text-align: center;\">\n\t&nbsp;\n<\/p>\n<p style=\"text-align: center;\">\n\t<span style=\"font-size:16px;\"><span style=\"color: rgb(0, 0, 0);\"><img loading=\"lazy\" decoding=\"async\" alt=\"ksmap\" class=\"alignnone size-medium wp-image-1135\" height=\"175\" src=\"https:\/\/parafia-ostrorog.pl\/wp-content\/uploads\/2016\/08\/ksmap-300x175.jpg\" width=\"300\" srcset=\"https:\/\/parafia-ostrorog.pl\/wp-content\/uploads\/2016\/08\/ksmap-300x175.jpg 300w, https:\/\/parafia-ostrorog.pl\/wp-content\/uploads\/2016\/08\/ksmap-768x449.jpg 768w, https:\/\/parafia-ostrorog.pl\/wp-content\/uploads\/2016\/08\/ksmap-1024x598.jpg 1024w, https:\/\/parafia-ostrorog.pl\/wp-content\/uploads\/2016\/08\/ksmap.jpg 1142w\" sizes=\"auto, (max-width: 300px) 100vw, 300px\" \/><br \/>\n\t<span style=\"font-family: georgia,serif;\">sw&oacute;j hymn &bdquo;Hej do apelu sta\u0144my wraz&rdquo; \u015bpiewany na melodie &lsquo;Roty&rsquo;; swoje \u015awi\u0119to Patronalne &#8211; zawsze w Uroczysto\u015b\u0107 Chrystusa Kr&oacute;la Wszech\u015bwiata (\u015bwi\u0119to ruchome-ostatnia niedziela okresu zwyk\u0142ego przed adwentem);<br \/>\n\tswoich patron&oacute;w: \u015awi\u0119tego Stanis\u0142awa Kostk\u0119<br \/>\n\toraz B\u0142ogos\u0142awion\u0105 Karolin\u0119 K&oacute;zk&oacute;wn\u0119;<br \/>\n\tsw&oacute;j sztandar &#8211; z wizerunkiem god\u0142a;swoje przyrzeczenie jako uroczyste wst\u0105pienie&nbsp; w szeregi stowarzyszenia w \u015awi\u0119to Patronalne podczas uroczystej Mszy \u015awi\u0119tej w Katedrze Pozna\u0144skiej; odznak\u0119 organizacyjn\u0105, legitymacj\u0119 cz\u0142onkowsk\u0105 <\/span><\/span><\/span><br \/>\n\t<span style=\"font-size:16px;\"><span style=\"color: rgb(0, 0, 0);\"><span style=\"font-family: georgia,serif;\">oraz piecz\u0119\u0107 okr\u0105g\u0142\u0105 i pod\u0142u\u017cn\u0105.<\/span><\/span><\/span>\n<\/p>\n<p style=\"text-align: center;\">\n\t<span style=\"font-size:16px;\"><span style=\"color: rgb(0, 0, 0);\"><span style=\"font-family: georgia,serif;\">Obecnie KSM w Ostrorogu liczy ok. 35 os&oacute;b, w tym 7 cz\u0142onk&oacute;w pe\u0142noprawnych po przyrzeczeniu.<br \/>\n\t(3 z nich nadal pr\u0119\u017cnie dzia\u0142a w Ostrorogu)<\/span><\/span><\/span>\n<\/p>\n<p style=\"text-align: center;\">\n\t<span style=\"font-size:16px;\"><span style=\"color: rgb(0, 0, 0);\"><span style=\"font-family: georgia,serif;\">Nasze spotkania odbywaj\u0105 si\u0119 w ci\u0105gu roku szkolnego w ka\u017cdy pi\u0105tek o godz. 19:00 w salkach parafialnych przy ko\u015bciele.<br \/>\n\tProwadzimy swoj\u0105 kronik\u0119 od pocz\u0105tku istnienia oddzia\u0142u, <\/span><\/span><\/span><br \/>\n\t<span style=\"font-size:16px;\"><span style=\"color: rgb(0, 0, 0);\"><span style=\"font-family: georgia,serif;\">w kt&oacute;rej zawieramy najwa\u017cniejsze wydarzenia z \u017cycia naszej wsp&oacute;lnoty ,<br \/>\n\takcje i inicjatywy.<\/span><\/span><\/span>\n<\/p>\n<p style=\"text-align: center;\">\n\t<span style=\"font-size:16px;\"><span style=\"color: rgb(0, 0, 0);\"><span style=\"font-family: georgia,serif;\">W 2015 roku, aby odnowi\u0107 nasze szeregi i wspom&oacute;c je nowymi osobami, zaprosili\u015bmy wielu m\u0142odych ludzi z naszej szko\u0142y. Wi\u0119kszo\u015b\u0107 z nich odpowiedzia\u0142a na nasze zaproszenie i obecnie pr\u0119\u017cnie dzia\u0142a&nbsp;w oddziale.<br \/>\n\tNajwa\u017cniejsze wydarzenia i inicjatywy, kt&oacute;re przeprowadzili\u015bmy oraz te,<br \/>\n\tw kt&oacute;rych wzi\u0119li\u015bmy liczny udzia\u0142 w roku szkolno-katechetycznym 2015\/2016:<br \/>\n\t<strong>19.09.2015<\/strong> roku &ndash; Piesza Pielgrzymka do Sanktuarium Podwy\u017cszenia Krzy\u017ca w Biezdrowie<br \/>\n\t<strong>31.10.2015<\/strong> roku &ndash; Korow&oacute;d \u015awi\u0119tych ulicami miasta<br \/>\n\t<strong>1 i 2.11.2015<\/strong> roku &ndash; prowadzili\u015bmy r&oacute;\u017caniec za zmar\u0142ych na cmentarzu parafialnym<br \/>\n\t<strong>22.11.2015<\/strong> roku &ndash; \u015awi\u0119to Patronalne w Katedrze Pozna\u0144skiej<br \/>\n\t<strong>20.12.2015 <\/strong>roku &ndash; przygotowali\u015bmy nasz\u0105 wsp&oacute;ln\u0105 Wigili\u0119<br \/>\n\t<strong>27.12.2015<\/strong> roku &ndash; wzi\u0119li\u015bmy udzia\u0142 &nbsp;w Prowincjonalnych Dniach Braterstwa we Wronkach<br \/>\n\t<strong>08.01.2016<\/strong> roku &ndash; przygotowali\u015bmy kartki urodzinowe dla chorej dziewczynki Oli<br \/>\n\t<strong>20.03.2016 <\/strong>roku &ndash;czytali\u015bmy M\u0119k\u0119 Pa\u0144sk\u0105 podczas Mszy \u015awi\u0119tych<br \/>\n\tw Niedziel\u0119 Palmow\u0105<br \/>\n\t<strong>20.03.2016<\/strong> roku &ndash; przygotowali\u015bmy Misterium M\u0119ki Pa\u0144skiej<br \/>\n\t<strong>24.03.2016<\/strong> roku &ndash; poprowadzili\u015bmy Adoracj\u0119 Pana Jezusa&nbsp;w Ciemnicy &ndash; Wielki Czwartek<br \/>\n\t<strong>25.03.2016<\/strong> roku &ndash; poprowadzili\u015bmy Adoracj\u0119 Pana Jezusa&nbsp;w Grobie Pa\u0144skim &ndash; Wielki Pi\u0105tek<br \/>\n\t<strong>08.04.2016<\/strong> roku &ndash; obejrzeli\u015bmy wystaw\u0119 po\u015bwi\u0119con\u0105&nbsp;<br \/>\n\t\u015ap. Ks. Kan. Kazimierzowi Wenclowi z okazji 1 rocznicy \u015bmierci.<br \/>\n\t<strong>29.04.2016<\/strong> roku &ndash; zorganizowali\u015bmy przyj\u0119cie urodzinowe dla naszego opiekuna Ksi\u0119dza Wikariusza Szymona Ka\u017amierczka<br \/>\n\t<strong>22.05.2016<\/strong> roku &ndash; uczestniczyli\u015bmy we Mszy \u015awi\u0119tej z okazji 25-lecia \u015bwi\u0119ce\u0144 kap\u0142a\u0144skich Ksi\u0119dza Proboszcza Krystiana Sobczaka, z\u0142o\u017cyli\u015bmy \u017cyczenia w imieniu m\u0142odzie\u017cy i wr\u0119czyli\u015bmy upominek oraz pomogli\u015bmy<br \/>\n\tw przygotowaniu pocz\u0119stunku w salkach parafialnych<br \/>\n\t<strong>25.05.2016<\/strong> roku &ndash; przygotowali\u015bmy o\u0142tarz na Uroczysto\u015b\u0107 Naj\u015bwi\u0119tszego Cia\u0142a i Krwi Pa\u0144skiej &ndash; Bo\u017ce Cia\u0142o, a tak\u017ce aktywnie uczestniczyli\u015bmy<br \/>\n\tw procesjach w oktawie nosz\u0105c znaki naszej wiary oraz figur\u0119 Matki Bo\u017cej<br \/>\n\t<strong>04.06.2016<\/strong> roku &ndash; wzi\u0119li\u015bmy udzia\u0142 w XX Spotkaniu M\u0142odych &lsquo;Lednica 2000&rsquo;<br \/>\n\t<strong>19.06.2016<\/strong> roku &ndash; do\u0142\u0105czyli\u015bmy si\u0119 do III Rajdu Parafialnego<br \/>\n\t<strong>02\/03.07<\/strong> oraz <strong>09\/10.07. 2016<\/strong> roku &ndash; rozprowadzali\u015bmy cegie\u0142ki &ndash; p\u0142yty<br \/>\n\tz filmem z okazji 1050. rocznicy Chrztu Polski<br \/>\n\t<strong>31.07.2016<\/strong> roku &ndash; z okazji odpustu parafialnego ku czci \u015aw. Jakuba rozprowadzali\u015bmy cegie\u0142ki w formie ciast.<br \/>\n\tW dniach od 1.do 4. sierpnia. 2016 roku uczestniczyli\u015bmy liczn\u0105 grup\u0105 we wczasorekolekcjach w G\u0119bicach<\/span><\/span><\/span>\n<\/p>\n<p style=\"text-align: center;\">\n\t<span style=\"font-size:16px;\"><span style=\"color: rgb(0, 0, 0);\"><span style=\"font-family: georgia,serif;\">ngg_shortcode_0_placeholder<\/span><\/span><\/span>\n<\/p>\n<p style=\"text-align: center;\">\n\t&nbsp;\n<\/p>\n<p style=\"text-align: center;\">\n\t<span style=\"font-size:16px;\"><span style=\"color: rgb(0, 0, 0);\"><b>ZESP&Oacute;\u0141 M\u0141ODZIE\u017bOWY<\/b><\/span><\/span>\n<\/p>\n<p style=\"text-align: center;\">\n\t<span style=\"font-size:16px;\"><span style=\"color: rgb(0, 0, 0);\"><span style=\"font-family: georgia,serif;\">Obecny Zesp&oacute;\u0142 M\u0142odzie\u017co<span style=\"font-family: georgia,serif;\">wy w parafii pw. Wniebowzi\u0119cia Naj\u015bwi\u0119tszej Maryi Panny w Ostrorogu istnieje od stycznia 2015 roku. Liczy 25 os&oacute;b, w tym 24 dziewcz\u0119ta oraz 1 ch\u0142opca. Pr&oacute;by zespo\u0142u odbywaj\u0105 si\u0119 w pi\u0105tki, o godz. 17:00 w salce parafialnej. Swoim \u015bpiewem m\u0142odzie\u017c u\u015bwietnia Msze \u015awi\u0119te niedzielne o godz. 9:00, a tak\u017ce okoliczno\u015bciowe uroczysto\u015bci i nabo\u017ce\u0144stwa w ci\u0105gu roku liturgicznego. Instrumentem wiod\u0105cym w zespole jest gitara klasyczna, cz\u0119sto korzystaj\u0105 tak\u017ce, w zale\u017cno\u015bci od mo\u017cliwo\u015bci,&nbsp;&nbsp;z gitary akustycznej. Dla urozmaicenia muzyki zdarza si\u0119 us\u0142ysze\u0107 d\u017awi\u0119ki <em>djembe<\/em> &#8211; ma\u0142ego b\u0119benka, kt&oacute;ry wygrywaj\u0105c rytm melodii pomaga w jej zapami\u0119taniu. Podczas uroczysto\u015bci i wa\u017cniejszych \u015bwi\u0105t zesp&oacute;\u0142 wspomagaj\u0105 o skrzypce zaprzyja\u017anieni uczniowie Szko\u0142y Muzycznej z Szamotu\u0142.<\/span><\/span><\/span><\/span>\n<\/p>\n<p style=\"text-align: center;\">\n\t&nbsp;\n<\/p>\n<p style=\"text-align: center;\">\n\t<span style=\"font-size:16px;\"><span style=\"color: rgb(0, 0, 0);\"><span style=\"font-family: georgia,serif;\">Zesp&oacute;\u0142 wspiera wiele akcji charytatywnych, kt&oacute;re maj\u0105 na celu pomoc osobom chorym i samotnym, szczeg&oacute;lnie dzieciom. Dzi\u0119ki \u017cyczliwo\u015bci Ksi\u0119dza Proboszcza i Ksi\u0119dza Wikariusza, bardzo cz\u0119sto mo\u017cna us\u0142ysze\u0107 ich w r&oacute;\u017cnych ko\u015bcio\u0142ach, gdzie u\u015bwietniaj\u0105 Msze \u015awi\u0119te \u015blubne. Marzeniem zespo\u0142u jest nagranie p\u0142yty.<\/span><\/span><\/span>\n<\/p>\n<p style=\"text-align: center;\">\n\t<span style=\"font-size:16px;\"><span style=\"color: rgb(0, 0, 0);\"><span style=\"font-family: georgia,serif;\">M\u0142odzie\u017c z zespo\u0142u bardzo cieszy si\u0119, \u017ce mo\u017ce wychwala\u0107 Pana Boga swoim \u015bpiewem, dzi\u0119kuj\u0105c w ten spos&oacute;b za ten przepi\u0119kny dar.&nbsp; Swoje \u015bwi\u0119to ch&oacute;rzy\u015bci obchodz\u0105 22. Listopada, we wspomnienie \u015awi\u0119tej Cecylii &ndash; patronki muzyk&oacute;w, organist&oacute;w, ch&oacute;r&oacute;w i \u015bpiewak&oacute;w ko\u015bcielnych.<\/span><\/span><\/span>\n<\/p>\n<p style=\"text-align: center;\">\n\t<span style=\"font-size:16px;\"><span style=\"color: rgb(0, 0, 0);\"><span style=\"font-family: georgia,serif;\">\u015awi\u0119ta Cecylio &#8211; m&oacute;dl si\u0119 za nami!<\/span><\/span><\/span>\n<\/p>\n<p style=\"text-align: center;\">\n\t<span style=\"font-size:16px;\"><span style=\"color:#000000;\"><span style=\"font-family:georgia,serif;\">\u015awi\u0119ta Cecylio &#8211; \u015bpiewaj razem z nami!<\/span><\/span><\/span>\n<\/p>\n<p style=\"text-align: center;\">\n\t<span style=\"color:#000000;\"><span style=\"font-size:16px;\"><span style=\"font-family:georgia,serif;\">SERDECZNIE ZAPRASZAMY WSZYSTKIE CH\u0118TNE OSOBY W WIEKU GIMNAZJALNYM I WY\u017bEJ, KT&Oacute;RE CHCIA\u0141YBY WYCHWALA\u0106 PANA BOGA SWOIM \u015aPIEWEM ROZWIJAJ\u0104C SI\u0118 PRZY TYM MUZYCZNIE NA PI\u0104TKOWE PR&Oacute;BY.<\/span><\/span><\/span>\n<\/p>\n<p style=\"text-align: center;\">\n\t<span style=\"font-size:16px;\"><span style=\"font-family: georgia,serif;\">ngg_shortcode_1_placeholder<\/span><\/span>\n<\/p>\n<p style=\"text-align: center;\">\n\t&nbsp;<\/p>\n","protected":false},"excerpt":{"rendered":"<p>KSM Katolickie Stowarzyszenie M\u0142odzie\u017cy oddzia\u0142 nr 91 w parafii pw. Wniebowzi\u0119cia Naj\u015bwi\u0119tszej Maryi Panny w Ostrorogu Nasz oddzia\u0142 zosta\u0142 za\u0142o\u017cony jako 91-wszy w Archidiecezji Pozna\u0144skiej dnia 09.04.2013 roku. KSM jest stowarzyszeniem ko\u015bcielnym, kt&oacute;re zrzesza m\u0142odych katolik&oacute;w \u015bwieckich, dzia\u0142aj\u0105cym na terenie ca\u0142ej Polski. &bdquo;Zasadniczym celem Katolickiego Stowarzyszenia M\u0142odzie\u017cy &nbsp;jest kszta\u0142towanie dojrza\u0142ych chrze\u015bcijan oraz aktywne uczestnictwo we [&hellip;]<\/p>\n","protected":false},"author":1,"featured_media":0,"parent":40,"menu_order":0,"comment_status":"closed","ping_status":"closed","template":"","meta":{"ngg_post_thumbnail":0,"footnotes":""},"class_list":["post-44","page","type-page","status-publish","hentry"],"_links":{"self":[{"href":"https:\/\/parafia-ostrorog.pl\/index.php\/wp-json\/wp\/v2\/pages\/44","targetHints":{"allow":["GET"]}}],"collection":[{"href":"https:\/\/parafia-ostrorog.pl\/index.php\/wp-json\/wp\/v2\/pages"}],"about":[{"href":"https:\/\/parafia-ostrorog.pl\/index.php\/wp-json\/wp\/v2\/types\/page"}],"author":[{"embeddable":true,"href":"https:\/\/parafia-ostrorog.pl\/index.php\/wp-json\/wp\/v2\/users\/1"}],"replies":[{"embeddable":true,"href":"https:\/\/parafia-ostrorog.pl\/index.php\/wp-json\/wp\/v2\/comments?post=44"}],"version-history":[{"count":37,"href":"https:\/\/parafia-ostrorog.pl\/index.php\/wp-json\/wp\/v2\/pages\/44\/revisions"}],"predecessor-version":[{"id":1747,"href":"https:\/\/parafia-ostrorog.pl\/index.php\/wp-json\/wp\/v2\/pages\/44\/revisions\/1747"}],"up":[{"embeddable":true,"href":"https:\/\/parafia-ostrorog.pl\/index.php\/wp-json\/wp\/v2\/pages\/40"}],"wp:attachment":[{"href":"https:\/\/parafia-ostrorog.pl\/index.php\/wp-json\/wp\/v2\/media?parent=44"}],"curies":[{"name":"wp","href":"https:\/\/api.w.org\/{rel}","templated":true}]}}