{"id":765,"date":"2016-08-08T20:01:54","date_gmt":"2016-08-08T18:01:54","guid":{"rendered":"http:\/\/parafia-ostrorog.pl\/?page_id=765"},"modified":"2017-02-16T08:23:47","modified_gmt":"2017-02-16T07:23:47","slug":"ministranci","status":"publish","type":"page","link":"https:\/\/parafia-ostrorog.pl\/index.php\/grupy-duszpasterskie\/ministranci\/","title":{"rendered":"Ministranci"},"content":{"rendered":"<p style=\"text-align: center;\">\n\t&nbsp;\n<\/p>\n<div>\n<h1 align=\"center\">\n\t\t<span style=\"color:#000000;\"><span style=\"font-size:20px;\"><span style=\"font-family:georgia,serif;\"><strong>Ministranci w&nbsp; Parafii Wniebowzi\u0119cia Naj\u015bwi\u0119tszej Maryi Panny w Ostrorogu<\/strong><\/span><\/span><\/span><br \/>\n\t<\/h1>\n<\/div>\n<p>\n\t&nbsp;\n<\/p>\n<p align=\"center\">\n\t<span style=\"color:#000000;\"><span style=\"font-size:16px;\"><span style=\"font-family:georgia,serif;\"><strong><u>ZARZ\u0104D <\/u><\/strong><\/span><\/span><\/span>\n<\/p>\n<p align=\"center\">\n\t<span style=\"color:#000000;\"><span style=\"font-size:16px;\"><span style=\"font-family:georgia,serif;\">Jakub Klauze &#8211; prezes<\/span><\/span><\/span>\n<\/p>\n<p align=\"center\">\n\t<span style=\"color:#000000;\"><span style=\"font-size:16px;\"><span style=\"font-family:georgia,serif;\">Micha\u0142 D\u0105browski &ndash; zast\u0119pca prezesa<\/span><\/span><\/span>\n<\/p>\n<p align=\"center\">\n\t<span style=\"color:#000000;\"><span style=\"font-size:16px;\"><span style=\"font-family:georgia,serif;\">Bartosz Hoffmann &#8211; skarbnik<\/span><\/span><\/span>\n<\/p>\n<p>\n\t&nbsp;\n<\/p>\n<p>\n\t<span style=\"color:#000000;\"><span style=\"font-size:16px;\"><span style=\"font-family:georgia,serif;\"><strong>Zbi&oacute;rki ministrant&oacute;w godzina 10.00<\/strong><\/span><\/span><\/span>\n<\/p>\n<table border=\"1\" cellpadding=\"0\" cellspacing=\"0\">\n<tbody>\n<tr>\n<td style=\"width:62px;\">\n<p style=\"text-align: center;\">\n\t\t\t\t\t<span style=\"color:#000000;\"><span style=\"font-size:16px;\"><span style=\"font-family:georgia,serif;\"><strong>Lp. <\/strong><\/span><\/span><\/span>\n\t\t\t\t<\/p>\n<\/td>\n<td style=\"width:109px;\">\n<p style=\"text-align: center;\">\n\t\t\t\t\t<span style=\"color:#000000;\"><span style=\"font-size:16px;\"><span style=\"font-family:georgia,serif;\"><strong>Data&nbsp; <\/strong><\/span><\/span><\/span>\n\t\t\t\t<\/p>\n<\/td>\n<td style=\"width:84px;\">\n<p style=\"text-align: center;\">\n\t\t\t\t\t<span style=\"color:#000000;\"><span style=\"font-size:16px;\"><span style=\"font-family:georgia,serif;\"><strong>Godzina <\/strong><\/span><\/span><\/span>\n\t\t\t\t<\/p>\n<\/td>\n<td style=\"width:148px;\">\n<p style=\"text-align: center;\">\n\t\t\t\t\t<span style=\"color:#000000;\"><span style=\"font-size:16px;\"><span style=\"font-family:georgia,serif;\"><strong>Miejsce<\/strong><\/span><\/span><\/span>\n\t\t\t\t<\/p>\n<\/td>\n<td style=\"width:214px;\">\n<p style=\"text-align: center;\">\n\t\t\t\t\t<span style=\"color:#000000;\"><span style=\"font-size:16px;\"><span style=\"font-family:georgia,serif;\"><strong>Kogo dotyczy<\/strong><\/span><\/span><\/span>\n\t\t\t\t<\/p>\n<\/td>\n<\/tr>\n<tr>\n<td style=\"width:62px;\">\n<p style=\"text-align: center;\">\n\t\t\t\t\t<span style=\"color:#000000;\"><span style=\"font-size:16px;\"><span style=\"font-family:georgia,serif;\">1.<\/span><\/span><\/span>\n\t\t\t\t<\/p>\n<\/td>\n<td style=\"width:109px;\">\n<p style=\"text-align: center;\">\n\t\t\t\t\t<span style=\"color:#000000;\"><span style=\"font-size:16px;\"><span style=\"font-family:georgia,serif;\">18.02.2017r.<\/span><\/span><\/span>\n\t\t\t\t<\/p>\n<\/td>\n<td style=\"width:84px;\">\n<p style=\"text-align: center;\">\n\t\t\t\t\t<span style=\"color:#000000;\"><span style=\"font-size:16px;\"><span style=\"font-family:georgia,serif;\">10.00<\/span><\/span><\/span>\n\t\t\t\t<\/p>\n<\/td>\n<td style=\"width:148px;\">\n<p style=\"text-align: center;\">\n\t\t\t\t\t<span style=\"color:#000000;\"><span style=\"font-size:16px;\"><span style=\"font-family:georgia,serif;\">Salki<\/span><\/span><\/span>\n\t\t\t\t<\/p>\n<\/td>\n<td style=\"width:214px;\">\n<p style=\"text-align: center;\">\n\t\t\t\t\t<span style=\"color:#000000;\"><span style=\"font-size:16px;\"><span style=\"font-family:georgia,serif;\">Ministranci z rodzicami<\/span><\/span><\/span>\n\t\t\t\t<\/p>\n<\/td>\n<\/tr>\n<tr>\n<td style=\"width:62px;\">\n<p style=\"text-align: center;\">\n\t\t\t\t\t<span style=\"color:#000000;\"><span style=\"font-size:16px;\"><span style=\"font-family:georgia,serif;\">2.<\/span><\/span><\/span>\n\t\t\t\t<\/p>\n<\/td>\n<td style=\"width:109px;\">\n<p style=\"text-align: center;\">\n\t\t\t\t\t<span style=\"color:#000000;\"><span style=\"font-size:16px;\"><span style=\"font-family:georgia,serif;\">25.02.2017r.<\/span><\/span><\/span>\n\t\t\t\t<\/p>\n<\/td>\n<td style=\"width:84px;\">\n<p style=\"text-align: center;\">\n\t\t\t\t\t<span style=\"color:#000000;\"><span style=\"font-size:16px;\"><span style=\"font-family:georgia,serif;\">10.00<\/span><\/span><\/span>\n\t\t\t\t<\/p>\n<\/td>\n<td style=\"width:148px;\">\n<p style=\"text-align: center;\">\n\t\t\t\t\t<span style=\"color:#000000;\"><span style=\"font-size:16px;\"><span style=\"font-family:georgia,serif;\">Hala sportowo-widowiskowa<\/span><\/span><\/span>\n\t\t\t\t<\/p>\n<\/td>\n<td style=\"width:214px;\">\n<p style=\"text-align: center;\">\n\t\t\t\t\t<span style=\"color:#000000;\"><span style=\"font-size:16px;\"><span style=\"font-family:georgia,serif;\">ministranci<\/span><\/span><\/span>\n\t\t\t\t<\/p>\n<\/td>\n<\/tr>\n<tr>\n<td style=\"width:62px;\">\n<p style=\"text-align: center;\">\n\t\t\t\t\t<span style=\"color:#000000;\"><span style=\"font-size:16px;\"><span style=\"font-family:georgia,serif;\">3.<\/span><\/span><\/span>\n\t\t\t\t<\/p>\n<\/td>\n<td style=\"width:109px;\">\n<p style=\"text-align: center;\">\n\t\t\t\t\t<span style=\"color:#000000;\"><span style=\"font-size:16px;\"><span style=\"font-family:georgia,serif;\">04.03.2017r.<\/span><\/span><\/span>\n\t\t\t\t<\/p>\n<\/td>\n<td style=\"width:84px;\">\n<p style=\"text-align: center;\">\n\t\t\t\t\t<span style=\"color:#000000;\"><span style=\"font-size:16px;\"><span style=\"font-family:georgia,serif;\">10.00<\/span><\/span><\/span>\n\t\t\t\t<\/p>\n<\/td>\n<td style=\"width:148px;\">\n<p style=\"text-align: center;\">\n\t\t\t\t\t<span style=\"color:#000000;\"><span style=\"font-size:16px;\"><span style=\"font-family:georgia,serif;\">Salki<\/span><\/span><\/span>\n\t\t\t\t<\/p>\n<\/td>\n<td style=\"width:214px;\">\n<p style=\"text-align: center;\">\n\t\t\t\t\t<span style=\"color:#000000;\"><span style=\"font-size:16px;\"><span style=\"font-family:georgia,serif;\">ministranci<\/span><\/span><\/span>\n\t\t\t\t<\/p>\n<\/td>\n<\/tr>\n<tr>\n<td style=\"width:62px;\">\n<p style=\"text-align: center;\">\n\t\t\t\t\t<span style=\"color:#000000;\"><span style=\"font-size:16px;\"><span style=\"font-family:georgia,serif;\">4.<\/span><\/span><\/span>\n\t\t\t\t<\/p>\n<\/td>\n<td style=\"width:109px;\">\n<p style=\"text-align: center;\">\n\t\t\t\t\t<span style=\"color:#000000;\"><span style=\"font-size:16px;\"><span style=\"font-family:georgia,serif;\">18.03.2017r.<\/span><\/span><\/span>\n\t\t\t\t<\/p>\n<\/td>\n<td style=\"width:84px;\">\n<p style=\"text-align: center;\">\n\t\t\t\t\t<span style=\"color:#000000;\"><span style=\"font-size:16px;\"><span style=\"font-family:georgia,serif;\">10.00<\/span><\/span><\/span>\n\t\t\t\t<\/p>\n<\/td>\n<td style=\"width:148px;\">\n<p style=\"text-align: center;\">\n\t\t\t\t\t<span style=\"color:#000000;\"><span style=\"font-size:16px;\"><span style=\"font-family:georgia,serif;\">Hala sportowo-widowiskowa<\/span><\/span><\/span>\n\t\t\t\t<\/p>\n<\/td>\n<td style=\"width:214px;\">\n<p style=\"text-align: center;\">\n\t\t\t\t\t<span style=\"color:#000000;\"><span style=\"font-size:16px;\"><span style=\"font-family:georgia,serif;\">ministranci<\/span><\/span><\/span>\n\t\t\t\t<\/p>\n<\/td>\n<\/tr>\n<tr>\n<td style=\"width:62px;\">\n<p style=\"text-align: center;\">\n\t\t\t\t\t<span style=\"color:#000000;\"><span style=\"font-size:16px;\"><span style=\"font-family:georgia,serif;\">5.<\/span><\/span><\/span>\n\t\t\t\t<\/p>\n<\/td>\n<td style=\"width:109px;\">\n<p style=\"text-align: center;\">\n\t\t\t\t\t<span style=\"color:#000000;\"><span style=\"font-size:16px;\"><span style=\"font-family:georgia,serif;\">01.04.2017r.<\/span><\/span><\/span>\n\t\t\t\t<\/p>\n<\/td>\n<td style=\"width:84px;\">\n<p style=\"text-align: center;\">\n\t\t\t\t\t<span style=\"color:#000000;\"><span style=\"font-size:16px;\"><span style=\"font-family:georgia,serif;\">10.00<\/span><\/span><\/span>\n\t\t\t\t<\/p>\n<\/td>\n<td style=\"width:148px;\">\n<p style=\"text-align: center;\">\n\t\t\t\t\t<span style=\"color:#000000;\"><span style=\"font-size:16px;\"><span style=\"font-family:georgia,serif;\">Salki<\/span><\/span><\/span>\n\t\t\t\t<\/p>\n<\/td>\n<td style=\"width:214px;\">\n<p style=\"text-align: center;\">\n\t\t\t\t\t<span style=\"color:#000000;\"><span style=\"font-size:16px;\"><span style=\"font-family:georgia,serif;\">Ministranci<\/span><\/span><\/span>\n\t\t\t\t<\/p>\n<\/td>\n<\/tr>\n<tr>\n<td style=\"width:62px;\">\n<p style=\"text-align: center;\">\n\t\t\t\t\t<span style=\"color:#000000;\"><span style=\"font-size:16px;\"><span style=\"font-family:georgia,serif;\">6.<\/span><\/span><\/span>\n\t\t\t\t<\/p>\n<\/td>\n<td style=\"width:109px;\">\n<p style=\"text-align: center;\">\n\t\t\t\t\t<span style=\"color:#000000;\"><span style=\"font-size:16px;\"><span style=\"font-family:georgia,serif;\">08.04.2017r.<\/span><\/span><\/span>\n\t\t\t\t<\/p>\n<\/td>\n<td style=\"width:84px;\">\n<p style=\"text-align: center;\">\n\t\t\t\t\t&nbsp;\n\t\t\t\t<\/p>\n<\/td>\n<td style=\"width:148px;\">\n<p style=\"text-align: center;\">\n\t\t\t\t\t<span style=\"color:#000000;\"><span style=\"font-size:16px;\"><span style=\"font-family:georgia,serif;\">Basen Szamotu\u0142y<\/span><\/span><\/span>\n\t\t\t\t<\/p>\n<\/td>\n<td style=\"width:214px;\">\n<p style=\"text-align: center;\">\n\t\t\t\t\t<span style=\"color:#000000;\"><span style=\"font-size:16px;\"><span style=\"font-family:georgia,serif;\">Ministranci z rodzicami<\/span><\/span><\/span>\n\t\t\t\t<\/p>\n<\/td>\n<\/tr>\n<tr>\n<td style=\"width:62px;\">\n<p style=\"text-align: center;\">\n\t\t\t\t\t<span style=\"color:#000000;\"><span style=\"font-size:16px;\"><span style=\"font-family:georgia,serif;\">7.<\/span><\/span><\/span>\n\t\t\t\t<\/p>\n<\/td>\n<td style=\"width:109px;\">\n<p style=\"text-align: center;\">\n\t\t\t\t\t<span style=\"color:#000000;\"><span style=\"font-size:16px;\"><span style=\"font-family:georgia,serif;\">13.04.2017r.<\/span><\/span><\/span>\n\t\t\t\t<\/p>\n<\/td>\n<td style=\"width:84px;\">\n<p style=\"text-align: center;\">\n\t\t\t\t\t<span style=\"color:#000000;\"><span style=\"font-size:16px;\"><span style=\"font-family:georgia,serif;\">10.00<\/span><\/span><\/span>\n\t\t\t\t<\/p>\n<\/td>\n<td style=\"width:148px;\">\n<p style=\"text-align: center;\">\n\t\t\t\t\t<span style=\"color:#000000;\"><span style=\"font-size:16px;\"><span style=\"font-family:georgia,serif;\">Salki<\/span><\/span><\/span>\n\t\t\t\t<\/p>\n<\/td>\n<td style=\"width:214px;\">\n<p style=\"text-align: center;\">\n\t\t\t\t\t<span style=\"color:#000000;\"><span style=\"font-size:16px;\"><span style=\"font-family:georgia,serif;\">Ministranci<\/span><\/span><\/span>\n\t\t\t\t<\/p>\n<\/td>\n<\/tr>\n<tr>\n<td style=\"width:62px;\">\n<p style=\"text-align: center;\">\n\t\t\t\t\t<span style=\"color:#000000;\"><span style=\"font-size:16px;\"><span style=\"font-family:georgia,serif;\">8.<\/span><\/span><\/span>\n\t\t\t\t<\/p>\n<\/td>\n<td style=\"width:109px;\">\n<p style=\"text-align: center;\">\n\t\t\t\t\t<span style=\"color:#000000;\"><span style=\"font-size:16px;\"><span style=\"font-family:georgia,serif;\">14.04.2017r.<\/span><\/span><\/span>\n\t\t\t\t<\/p>\n<\/td>\n<td style=\"width:84px;\">\n<p style=\"text-align: center;\">\n\t\t\t\t\t<span style=\"color:#000000;\"><span style=\"font-size:16px;\"><span style=\"font-family:georgia,serif;\">10.00<\/span><\/span><\/span>\n\t\t\t\t<\/p>\n<\/td>\n<td style=\"width:148px;\">\n<p style=\"text-align: center;\">\n\t\t\t\t\t<span style=\"color:#000000;\"><span style=\"font-size:16px;\"><span style=\"font-family:georgia,serif;\">Salki<\/span><\/span><\/span>\n\t\t\t\t<\/p>\n<\/td>\n<td style=\"width:214px;\">\n<p style=\"text-align: center;\">\n\t\t\t\t\t<span style=\"color:#000000;\"><span style=\"font-size:16px;\"><span style=\"font-family:georgia,serif;\">Ministranci<\/span><\/span><\/span>\n\t\t\t\t<\/p>\n<\/td>\n<\/tr>\n<tr>\n<td style=\"width:62px;\">\n<p style=\"text-align: center;\">\n\t\t\t\t\t<span style=\"color:#000000;\"><span style=\"font-size:16px;\"><span style=\"font-family:georgia,serif;\">9.<\/span><\/span><\/span>\n\t\t\t\t<\/p>\n<\/td>\n<td style=\"width:109px;\">\n<p style=\"text-align: center;\">\n\t\t\t\t\t<span style=\"color:#000000;\"><span style=\"font-size:16px;\"><span style=\"font-family:georgia,serif;\">15.04.2017r.<\/span><\/span><\/span>\n\t\t\t\t<\/p>\n<\/td>\n<td style=\"width:84px;\">\n<p style=\"text-align: center;\">\n\t\t\t\t\t<span style=\"color:#000000;\"><span style=\"font-size:16px;\"><span style=\"font-family:georgia,serif;\">10.00<\/span><\/span><\/span>\n\t\t\t\t<\/p>\n<\/td>\n<td style=\"width:148px;\">\n<p style=\"text-align: center;\">\n\t\t\t\t\t<span style=\"color:#000000;\"><span style=\"font-size:16px;\"><span style=\"font-family:georgia,serif;\">Salki<\/span><\/span><\/span>\n\t\t\t\t<\/p>\n<\/td>\n<td style=\"width:214px;\">\n<p style=\"text-align: center;\">\n\t\t\t\t\t<span style=\"color:#000000;\"><span style=\"font-size:16px;\"><span style=\"font-family:georgia,serif;\">Ministranci<\/span><\/span><\/span>\n\t\t\t\t<\/p>\n<\/td>\n<\/tr>\n<tr>\n<td style=\"width:62px;\">\n<p style=\"text-align: center;\">\n\t\t\t\t\t<span style=\"color:#000000;\"><span style=\"font-size:16px;\"><span style=\"font-family:georgia,serif;\">10<\/span><\/span><\/span>\n\t\t\t\t<\/p>\n<\/td>\n<td style=\"width:109px;\">\n<p style=\"text-align: center;\">\n\t\t\t\t\t<span style=\"color:#000000;\"><span style=\"font-size:16px;\"><span style=\"font-family:georgia,serif;\">22.04.2017r.<\/span><\/span><\/span>\n\t\t\t\t<\/p>\n<\/td>\n<td style=\"width:84px;\">\n<p style=\"text-align: center;\">\n\t\t\t\t\t<span style=\"color:#000000;\"><span style=\"font-size:16px;\"><span style=\"font-family:georgia,serif;\">10.00<\/span><\/span><\/span>\n\t\t\t\t<\/p>\n<\/td>\n<td style=\"width:148px;\">\n<p style=\"text-align: center;\">\n\t\t\t\t\t<span style=\"color:#000000;\"><span style=\"font-size:16px;\"><span style=\"font-family:georgia,serif;\">Pizza<\/span><\/span><\/span>\n\t\t\t\t<\/p>\n<\/td>\n<td style=\"width:214px;\">\n<p style=\"text-align: center;\">\n\t\t\t\t\t<span style=\"color:#000000;\"><span style=\"font-size:16px;\"><span style=\"font-family:georgia,serif;\">Ministranci<\/span><\/span><\/span>\n\t\t\t\t<\/p>\n<\/td>\n<\/tr>\n<\/tbody>\n<\/table>\n<p style=\"text-align: center;\">\n\t&nbsp;\n<\/p>\n<p style=\"text-align: center;\">\n\t<span style=\"color:#000000;\"><u><span style=\"font-size:18px;\"><strong><span style=\"font-family:georgia,serif;\">Sprawy bie\u017c\u0105ce :<\/span><\/strong><\/span><\/u><\/span>\n<\/p>\n<p style=\"text-align: center;\">\n\t<span style=\"color:#000000;\"><span style=\"font-size:16px;\"><span style=\"font-family:georgia,serif;\">1.PUNKTY ZA S\u0141U\u017bENIE &#8211; WSZYSTKO&nbsp; 1 &nbsp;PUNKT<\/span><\/span><\/span>\n<\/p>\n<p style=\"text-align: center;\">\n\t<span style=\"color:#000000;\"><span style=\"font-size:16px;\"><span style=\"font-family:georgia,serif;\">(niedziela nie zalicza si\u0119 do punkt&oacute;w)<\/span><\/span><\/span>\n<\/p>\n<p style=\"text-align: center;\">\n\t<span style=\"color:#000000;\"><span style=\"font-size:16px;\"><span style=\"font-family:georgia,serif;\">2.Wielki Czwartek (13.04.2017r.)&nbsp; &#8211; &nbsp;przyjecie ministrant&oacute;w.<\/span><\/span><\/span>\n<\/p>\n<p style=\"text-align: center;\">\n\t<span style=\"color:#000000;\"><span style=\"font-size:16px;\"><span style=\"font-family:georgia,serif;\">Kom\u017ce dla ministrant&oacute;w s\u0105 parafialne.<\/span><\/span><\/span>\n<\/p>\n<p style=\"text-align: center;\">\n\t&nbsp;\n<\/p>\n<p style=\"text-align: center;\">\n\t<span style=\"color:#000000;\"><span style=\"font-size:16px;\"><span style=\"font-family:georgia,serif;\">&nbsp;&nbsp;&nbsp;&nbsp;&nbsp;&nbsp;&nbsp;&nbsp;&nbsp;&nbsp;&nbsp;&nbsp;&nbsp;&nbsp;&nbsp;&nbsp;&nbsp;&nbsp;&nbsp;&nbsp;&nbsp;&nbsp;&nbsp;&nbsp;&nbsp;&nbsp;&nbsp;&nbsp;&nbsp;&nbsp;&nbsp;&nbsp;&nbsp;&nbsp;&nbsp;&nbsp;&nbsp;&nbsp;&nbsp;&nbsp;&nbsp;&nbsp;&nbsp;&nbsp;&nbsp;&nbsp;&nbsp;&nbsp;&nbsp;&nbsp;&nbsp;&nbsp;&nbsp;&nbsp;&nbsp;&nbsp;&nbsp;&nbsp;&nbsp;&nbsp;&nbsp;&nbsp;&nbsp;&nbsp;&nbsp;&nbsp;&nbsp;&nbsp;&nbsp;&nbsp;&nbsp;&nbsp;&nbsp;&nbsp; \/-\/ Zarz\u0105d<\/span><\/span><\/span>\n<\/p>\n<p style=\"text-align: center;\">\n\t<span style=\"font-size:16px;\"><span style=\"font-family:georgia,serif;\">&#8230;&#8230;&#8230;&#8230;&#8230;&#8230;&#8230;&#8230;&#8230;&#8230;&#8230;&#8230;&#8230;&#8230;&#8230;&#8230;&#8230;&#8230;&#8230;&#8230;&#8230;&#8230;&#8230;&#8230;&#8230;&#8230;&#8230;&#8230;&#8230;&#8230;&#8230;&#8230;&#8230;&#8230;&#8230;&#8230;&#8230;&#8230;&#8230;&#8230;&#8230;&#8230;&#8230;&#8230;&#8230;&#8230;&#8230;&#8230;&#8230;&#8230;&#8230;&#8230;&#8230;&#8230;&#8230;&#8230;&#8230;&#8230;&#8230;&#8230;&#8230;&#8230;&#8230;&#8230;&#8230;&#8230;&#8230;&#8230;&#8230;&#8230;<\/span><\/span>\n<\/p>\n<p style=\"text-align: center;\">\n\t<span style=\"color:#000000;\"><span style=\"font-size:16px;\"><span style=\"font-family:georgia,serif;\"><strong><em>\u015aWI\u0118TY DOMINIK SAVIO<\/em><\/strong><\/span><\/span><\/span>\n<\/p>\n<p style=\"text-align: center;\">\n\t<span style=\"color:#000000;\"><span style=\"font-size:16px;\"><span style=\"font-family:georgia,serif;\"><em>&nbsp;&ndash; PATRON DZIECI I M\u0141ODZIE\u017bY,&nbsp;MINISTRANT&Oacute;W,<\/em><\/span><\/span><\/span>\n<\/p>\n<p style=\"text-align: center;\">\n\t<span style=\"color:#000000;\"><span style=\"font-size:16px;\"><span style=\"font-family:georgia,serif;\"><em>&nbsp;MATEK W STANIE B\u0141OGOS\u0141AWIONYM (SZCZEG&Oacute;LNIE W CI\u0104\u017bY ZAGRO\u017bONEJ) ORAZ MA\u0141\u017bE\u0143STW STARAJ\u0104CYCH SI\u0118 &nbsp;<\/em><\/span><\/span><\/span><span style=\"color:#000000;\"><span style=\"font-size:16px;\"><span style=\"font-family:georgia,serif;\"><em>O POTOMSTWO.<\/em><\/span><\/span><\/span>\n<\/p>\n<p style=\"text-align: center;\">\n\t<span style=\"color:#000000;\"><span style=\"font-size:16px;\"><span style=\"font-family:georgia,serif;\">&nbsp;&nbsp;&nbsp;&nbsp;&nbsp;&nbsp;&nbsp;&nbsp;&nbsp;&nbsp;&nbsp; Dominik przyszed\u0142 na \u015bwiat 2 kwietnia 1842 roku w San Giovanni di Riva, miejscowo\u015bci oddalonej 40 km. od Turynu. Jego rodzice byli prostymi lud\u017ami, ojciec by\u0142 rzemie\u015blnikiem a matka krawcow\u0105. Ministrantem zosta\u0142 w wieku 5 lat! Natomiast w wieku 7 lat po raz pierwszy przyj\u0105\u0142 Pana Jezusa do swojego serca.<\/span><\/span><\/span>\n<\/p>\n<p style=\"text-align: center;\">\n\t<span style=\"color:#000000;\"><span style=\"font-size:16px;\"><span style=\"font-family:georgia,serif;\">O jego duchowej dojrza\u0142o\u015bci \u015bwiadczy postanowienie, jakie tego dnia zapisa\u0142 w zeszycie:<\/span><\/span><\/span>\n<\/p>\n<p style=\"text-align: center;\">\n\t<span style=\"color:#000000;\"><span style=\"font-size:16px;\"><span style=\"font-family:georgia,serif;\">1.&nbsp;&nbsp;&nbsp;&nbsp;B\u0119d\u0119 cz\u0119sto spowiada\u0142 si\u0119 i komunikowa\u0142, ilekro\u0107 mi na to zezwoli m&oacute;j spowiednik;<\/span><\/span><\/span>\n<\/p>\n<p style=\"text-align: center;\">\n\t<span style=\"color:#000000;\"><span style=\"font-size:16px;\"><span style=\"font-family:georgia,serif;\">2.&nbsp;&nbsp;&nbsp;&nbsp;B\u0119d\u0119 \u015bwi\u0119ci\u0142 dzie\u0144 \u015bwi\u0119ty;<\/span><\/span><\/span>\n<\/p>\n<p style=\"text-align: center;\">\n\t<span style=\"color:#000000;\"><span style=\"font-size:16px;\"><span style=\"font-family:georgia,serif;\">3.&nbsp;&nbsp;&nbsp;&nbsp;Moimi przyjaci&oacute;\u0142mi b\u0119d\u0105 Jezus i Maryja;<\/span><\/span><\/span>\n<\/p>\n<p style=\"text-align: center;\">\n\t<span style=\"color:#000000;\"><span style=\"font-size:16px;\"><span style=\"font-family:georgia,serif;\">4.&nbsp;&nbsp;&nbsp;&nbsp;Raczej umr\u0119 ni\u017c zgrzesz\u0119.<\/span><\/span><\/span>\n<\/p>\n<p style=\"text-align: center;\">\n\t<span style=\"color:#000000;\"><span style=\"font-size:16px;\"><span style=\"font-family:georgia,serif;\">Wielkim prze\u0142omem w jego \u017cyciu by\u0142o zetkni\u0119cie si\u0119 w 1854 roku<\/span><\/span><\/span>\n<\/p>\n<p style=\"text-align: center;\">\n\t<span style=\"color:#000000;\"><span style=\"font-size:16px;\"><span style=\"font-family:georgia,serif;\">z charyzmatycznym kap\u0142anem, wychowawc\u0105 m\u0142odzie\u017cy, \u015bw. Janem Bosko.&nbsp;Odt\u0105d dwunastoletni ch\u0142opak sta\u0142 si\u0119 jego pomocnikiem<\/span><\/span><\/span>\n<\/p>\n<p style=\"text-align: center;\">\n\t<span style=\"color:#000000;\"><span style=\"font-size:16px;\"><span style=\"font-family:georgia,serif;\">w procesie wychowania bezdomnych i zaniedbanych dzieci<\/span><\/span><\/span>\n<\/p>\n<p style=\"text-align: center;\">\n\t<span style=\"color:#000000;\"><span style=\"font-size:16px;\"><span style=\"font-family:georgia,serif;\">z Turynu.&nbsp;Dominik wywiera\u0142 na nich bardzo pozytywny wp\u0142yw, pomaga\u0142 w odrabianiu lekcji, godzi\u0142 zwa\u015bnionych. By\u0142 zawsze pogodny i otwarty, by udzieli\u0107 pomocy.<\/span><\/span><\/span>\n<\/p>\n<p style=\"text-align: center;\">\n\t<span style=\"color:#000000;\"><span style=\"font-size:16px;\"><span style=\"font-family:georgia,serif;\">Dominik by\u0142 obdarzony darem kontemplacji, nieraz wiele godzin pozostawa\u0142 w ko\u015bciele, adoruj\u0105c Jezusa. Pewnego dnia us\u0142ysza\u0142 poruszaj\u0105ce kazanie ksi\u0119dza Bosko, kt&oacute;ry powiedzia\u0142, \u017ce wszyscy powo\u0142ani s\u0105 do \u015bwi\u0119to\u015bci i \u017ce \u015bwi\u0119to\u015b\u0107 jest mo\u017cliwa do zrealizowania przez ka\u017cdego.&nbsp;G\u0142\u0119boko poruszony tymi s\u0142owami zapragn\u0105\u0142 zosta\u0107 \u015bwi\u0119tym.&nbsp;Dnia 8 grudnia 1854, w dniu uroczystego og\u0142oszenia dogmatu<\/span><\/span><\/span>\n<\/p>\n<p style=\"text-align: center;\">\n\t<span style=\"color:#000000;\"><span style=\"font-size:16px;\"><span style=\"font-family:georgia,serif;\">o Niepokalanym Pocz\u0119ciu Naj\u015bwi\u0119tszej Marii Panny, Dominik napisa\u0142 osobisty akt ofiarowania si\u0119 Niepokalanej:<\/span><\/span><\/span>\n<\/p>\n<p style=\"text-align: center;\">\n\t<span style=\"color:#000000;\"><span style=\"font-size:16px;\"><span style=\"font-family:georgia,serif;\"><em>Maryjo, ofiaruj\u0119 Ci swoje serce. Spraw, aby zawsze by\u0142o Twoim. Jezu<\/em><\/span><\/span><\/span>\n<\/p>\n<p style=\"text-align: center;\">\n\t<span style=\"color:#000000;\"><span style=\"font-size:16px;\"><span style=\"font-family:georgia,serif;\"><em>i Maryjo, b\u0105d\u017acie zawsze moimi przyjaci&oacute;\u0142mi. B\u0142agam Was, abym raczej umar\u0142, ni\u017c bym mia\u0142 przez nieszcz\u0119\u015bcie pope\u0142ni\u0107 cho\u0107 jeden grzech.<\/em><\/span><\/span><\/span>\n<\/p>\n<p style=\"text-align: center;\">\n\t<span style=\"color:#000000;\"><span style=\"font-size:16px;\"><span style=\"font-family:georgia,serif;\">W roku 1856 Dominik, za zgod\u0105 swojego wychowawcy, za\u0142o\u017cy\u0142 &bdquo;Towarzystwo Niepokalanej&rdquo;, kt&oacute;rego celem by\u0142o pomaganie w nauce s\u0142abszym wychowankom Oratorium, dopingowanie do pracy nad sob\u0105. Nasz \u015bwi\u0119ty razem z paroma kolegami z nara\u017ceniem \u017cycia opiekowali si\u0119 chorymi na choler\u0119. Dominik Savio pragn\u0105\u0142 pojednania Anglikan&oacute;w<\/span><\/span><\/span>\n<\/p>\n<p style=\"text-align: center;\">\n\t<span style=\"color:#000000;\"><span style=\"font-size:16px;\"><span style=\"font-family:georgia,serif;\">z Ko\u015bcio\u0142em katolickim. G\u0142\u0119boko w swoim sercu nosi\u0142 pragnienie, by zosta\u0107 kap\u0142anem.<\/span><\/span><\/span>\n<\/p>\n<p style=\"text-align: center;\">\n\t<span style=\"color:#000000;\"><span style=\"font-size:16px;\"><span style=\"font-family:georgia,serif;\">Inne by\u0142y jednak plany Pana Boga. P&oacute;\u017an\u0105 jesieni\u0105 1856 roku, wskutek dotkliwego zimna, rozchorowa\u0142 si\u0119, mia\u0142 wysoka gor\u0105czk\u0119. Lekarz orzek\u0142, \u017ce ma gru\u017alic\u0119. Powr&oacute;ci\u0142 do rodzinnego domu. \u017begnaj\u0105c si\u0119 ze \u015bw. Janem Bosko i swoimi kolegami, powiedzia\u0142: &bdquo;Ja ju\u017c tu nie wr&oacute;c\u0119&rdquo;. Dominik zmar\u0142 w Mondonio 9 marca 1857 roku. Nied\u0142ugo przed swoim odej\u015bciem prosi\u0142 swego tat\u0119, by czyta\u0142&nbsp;mu modlitwy o dobr\u0105 \u015bmier\u0107. W godzinie \u015bmierci towarzyszy\u0142a mu wizja nieba. Jego ostatnimi s\u0142owami by\u0142y:&nbsp;<em>Do widzenia, ojcze! Do widzenia! O, jakie pi\u0119kne rzeczy widz\u0119!<\/em><\/span><\/span><\/span>\n<\/p>\n<p style=\"text-align: center;\">\n\t<span style=\"color:#000000;\"><span style=\"font-size:16px;\"><span style=\"font-family:georgia,serif;\">Dominik&nbsp;Savio zosta\u0142 beatyfikowany w 1950 roku a cztery lata p&oacute;\u017aniej kanonizowany przez S\u0142ug\u0119 Bo\u017cego Piusa XII.<\/span><\/span><\/span>\n<\/p>\n<p style=\"text-align: center;\">\n\t<span style=\"color:#000000;\"><span style=\"font-size:16px;\"><span style=\"font-family:georgia,serif;\"><u>Modlitwy do \u015awi\u0119tego Dominika Savio<\/u><\/span><\/span><\/span>\n<\/p>\n<p style=\"text-align: center;\">\n\t&nbsp;\n<\/p>\n<p style=\"text-align: center;\">\n\t<span style=\"color:#000000;\"><span style=\"font-size:16px;\"><span style=\"font-family:georgia,serif;\">\u25cf Bo\u017ce, \u017ar&oacute;d\u0142o wszelkiego dobra, Ty w \u015bwi\u0119tym Dominiku Savio da\u0142e\u015b m\u0142odzie\u017cy przedziwny przyk\u0142ad mi\u0142o\u015bci i czysto\u015bci. Dozw&oacute;l r&oacute;wnie\u017c nam, swoim dzieciom, wzrasta\u0107 w rado\u015bci i mi\u0142o\u015bci, a\u017c do miary wielko\u015bci wed\u0142ug pe\u0142ni Chrystusa. Przez naszego Pana, Jezusa Chrystusa, Twojego Syna, kt&oacute;ry z Tob\u0105 \u017cyje i kr&oacute;luje w jedno\u015bci Ducha \u015awi\u0119tego B&oacute;g, przez wszystkie wieki wiek&oacute;w. Amen<\/span><\/span><\/span>\n<\/p>\n<p style=\"text-align: center;\">\n\t<span style=\"color:#000000;\"><span style=\"font-size:16px;\"><span style=\"font-family:georgia,serif;\">\u25cf Anielski Dominiku Savio, kt&oacute;ry w szkole \u015bw. Jana Bosko nauczy\u0142e\u015b si\u0119 chodzi\u0107 drogami \u015bwi\u0119to\u015bci, pom&oacute;\u017c nam na\u015bladowa\u0107 twoj\u0105 mi\u0142o\u015b\u0107 ku Jezusowi, nabo\u017ce\u0144stwo do Matki Naj\u015bwi\u0119tszej, gorliwo\u015b\u0107 o zbawienie dusz; oraz spraw aby\u015bmy tak\u017ce postanowiwszy raczej umrze\u0107 ni\u017c zgrzeszy\u0107 osi\u0105gn\u0119li zbawienie wieczne. Amen.<\/span><\/span><\/span>\n<\/p>\n<p style=\"text-align: center;\">\n\t<span style=\"color:#000000;\"><span style=\"font-size:16px;\"><span style=\"font-family:georgia,serif;\">MODLITWA O POCZ\u0118CIE DZIECKA<\/span><\/span><\/span>\n<\/p>\n<p style=\"text-align: center;\">\n\t<span style=\"color:#000000;\"><span style=\"font-size:16px;\"><span style=\"font-family:georgia,serif;\">Bo\u017ce &#8211; Stw&oacute;rco i Dawco wszelkiego \u017cycia &#8211; b\u0142agamy o Twoje hojne b\u0142ogos\u0142awie\u0144stwo dla ma\u0142\u017ce\u0144stw, kt&oacute;re prosz\u0105 o upragnione potomstwo. U\u015bwi\u0119\u0107 ich oczekiwanie, b\u0142ogos\u0142aw cich\u0105 nadziej\u0119, przemie\u0144 cierpienie<\/span><\/span><\/span>\n<\/p>\n<p style=\"text-align: center;\">\n\t<span style=\"color:#000000;\"><span style=\"font-size:16px;\"><span style=\"font-family:georgia,serif;\">w rado\u015b\u0107 i spraw, by owoc ich ludzkiej mi\u0142o\u015bci objawi\u0142 si\u0119 w \u0142asce i darze nowego \u017cycia. Przez Chrystusa, Twego Boskiego Syna, kt&oacute;ry z Tob\u0105 \u017cyje<\/span><\/span><\/span>\n<\/p>\n<p style=\"text-align: center;\">\n\t<span style=\"color:#000000;\"><span style=\"font-size:16px;\"><span style=\"font-family:georgia,serif;\">i kr&oacute;luje w jedno\u015bci Ducha \u015awi\u0119tego, B&oacute;g przez wszystkie wieki wiek&oacute;w. Amen. &nbsp;\u015awi\u0119ty Dominiku Savio. M&oacute;dl si\u0119 za nami.<\/span><\/span><\/span>\n<\/p>\n<p style=\"text-align: center;\">\n\t<span style=\"color:#000000;\"><span style=\"font-size:16px;\"><span style=\"font-family:georgia,serif;\">MODLITWA MATEK OCZEKUJ\u0104CYCH DZIECKA<\/span><\/span><\/span>\n<\/p>\n<p style=\"text-align: center;\">\n\t<span style=\"color:#000000;\"><span style=\"font-size:16px;\"><span style=\"font-family:georgia,serif;\">Panie Jezu, prosz\u0119 Ci\u0119 z mi\u0142o\u015bci\u0105 za to powierzone mi \u017cycie, kt&oacute;re nosz\u0119 w \u0142onie. Z pokor\u0105 dzi\u0119kuj\u0119, \u017ce wybra\u0142e\u015b mnie jako narz\u0119dzie Twojej mi\u0142o\u015bci. W tym pi\u0119knym oczekiwaniu pom&oacute;\u017c mi \u017cy\u0107 w nieustannym zawierzeniu si\u0119 Twojej \u015bwi\u0119tej woli. Daj serce matki: czyste, mocne<\/span><\/span><\/span>\n<\/p>\n<p style=\"text-align: center;\">\n\t<span style=\"color:#000000;\"><span style=\"font-size:16px;\"><span style=\"font-family:georgia,serif;\">i hojne. Ofiaruj\u0119 Ci wszystkie obawy o przysz\u0142o\u015b\u0107: l\u0119ki, niepewno\u015bci, oczekiwania wzgl\u0119dem dziecka, kt&oacute;rego jeszcze nie znam. Spraw, aby narodzi\u0142o si\u0119 zdrowe, oddal od niego wszelkie z\u0142o fizyczne i wszelkie niebezpiecze\u0144stwa duszy. Ty, Maryjo, kt&oacute;ra pozna\u0142a\u015b niezliczone rado\u015bci \u015bwi\u0119tego macierzy\u0144stwa, daj mi serce zdolne do przekazania wiary \u017cywej<\/span><\/span><\/span>\n<\/p>\n<p style=\"text-align: center;\">\n\t<span style=\"color:#000000;\"><span style=\"font-size:16px;\"><span style=\"font-family:georgia,serif;\">i gor\u0105cej. U\u015bwi\u0119\u0107 moje oczekiwanie, b\u0142ogos\u0142aw moj\u0105 cich\u0105 nadziej\u0119, spraw, by owoc mego \u0142ona, wzrasta\u0142 w \u0142asce i \u015bwi\u0119to\u015bci. Przez Chrystusa, Twego Boskiego Syna. Amen.<\/span><\/span><\/span>\n<\/p>\n<p style=\"text-align: center;\">\n\t<span style=\"color:#000000;\"><span style=\"font-size:16px;\"><span style=\"font-family:georgia,serif;\">MODLITWA MINISTRANTA<\/span><\/span><\/span>\n<\/p>\n<p style=\"text-align: center;\">\n\t<span style=\"color:#000000;\"><span style=\"font-size:16px;\"><span style=\"font-family:georgia,serif;\">\u015awi\u0119ty m&oacute;j patronie Dominiku Savio jeste\u015b moim pe\u0142nym chwa\u0142y obro\u0144c\u0105. W trudach swoich kroczy\u0142e\u015b \u015bladami Jezusa, a przez ukryte swe \u017cycie i cnoty, przez czysto\u015b\u0107, pokor\u0119 i \u017carliwo\u015b\u0107 najbli\u017cszy jeste\u015b Maryi.<\/span><\/span><\/span>\n<\/p>\n<p style=\"text-align: center;\">\n\t<span style=\"color:#000000;\"><span style=\"font-size:16px;\"><span style=\"font-family:georgia,serif;\">Od dawna po\u015bwi\u0119ci\u0142em si\u0119 tobie, ale jeszcze niczego godnego ciebie nie uczyni\u0142em i wstyd mi nazywa\u0107 ciebie swoim, bo zas\u0142u\u017cy\u0142e\u015b na na\u015bladowc&oacute;w odznaczaj\u0105cych si\u0119 wielk\u0105 czysto\u015bci\u0105 zamiar&oacute;w i wielk\u0105 stanowczo\u015bci\u0105. \u015awi\u0119ty Dominiku Savio roztocz, wi\u0119c nade mn\u0105 opiek\u0119.<\/span><\/span><\/span>\n<\/p>\n<p style=\"text-align: center;\">\n\t<span style=\"color:#000000;\"><span style=\"font-size:16px;\"><span style=\"font-family:georgia,serif;\">Czuwaj nade mn\u0105, nie dozw&oacute;l, abym wl&oacute;k\u0142 si\u0119 opieszale,<\/span><\/span><\/span>\n<\/p>\n<p style=\"text-align: center;\">\n\t<span style=\"color:#000000;\"><span style=\"font-size:16px;\"><span style=\"font-family:georgia,serif;\">wyjednaj mi \u0142ask\u0119 niezb\u0119dn\u0105 do sprostania moim obowi\u0105zkom abym m&oacute;g\u0142 czyni\u0107 post\u0119py we wszystkich cnotach:<\/span><\/span><\/span>\n<\/p>\n<p style=\"text-align: center;\">\n\t<span style=\"color:#000000;\"><span style=\"font-size:16px;\"><span style=\"font-family:georgia,serif;\">w wierze, nadziei i mi\u0142o\u015bci, w roztropno\u015bci i m\u0119stwie, sprawiedliwo\u015bci<\/span><\/span><\/span>\n<\/p>\n<p style=\"text-align: center;\">\n\t<span style=\"color:#000000;\"><span style=\"font-size:16px;\"><span style=\"font-family:georgia,serif;\">i umiarkowaniu, a r&oacute;wnie\u017c w pokorze, w czysto\u015bci, w hojno\u015bci,<\/span><\/span><\/span>\n<\/p>\n<p style=\"text-align: center;\">\n\t<span style=\"color:#000000;\"><span style=\"font-size:16px;\"><span style=\"font-family:georgia,serif;\"><img decoding=\"async\" src=\"file:\/\/\/C:\\DOCUME~1\\ck\\USTAWI~1\\Temp\\msohtmlclip1\\01\\clip_image001.jpg\" \/> <img decoding=\"async\" src=\"file:\/\/\/C:\\DOCUME~1\\ck\\USTAWI~1\\Temp\\msohtmlclip1\\01\\clip_image002.jpg\" \/> w \u0142agodno\u015bci, i w prawdom&oacute;wno\u015bci. Przewodniku dusz, kt&oacute;ry tak wiele serc zwr&oacute;ci\u0142e\u015b ku Bogu, m&oacute;dl si\u0119 za mnie. Amen.<\/span><\/span><\/span>\n<\/p>\n<p style=\"text-align: center;\">\n\t&nbsp;\n<\/p>\n<p style=\"text-align: center;\">\n\t<img loading=\"lazy\" decoding=\"async\" alt=\"dominik\" class=\"alignnone size-medium wp-image-1540\" height=\"300\" src=\"https:\/\/parafia-ostrorog.pl\/wp-content\/uploads\/2016\/08\/dominik-216x300.jpg\" width=\"216\" srcset=\"https:\/\/parafia-ostrorog.pl\/wp-content\/uploads\/2016\/08\/dominik-216x300.jpg 216w, https:\/\/parafia-ostrorog.pl\/wp-content\/uploads\/2016\/08\/dominik.jpg 350w\" sizes=\"auto, (max-width: 216px) 100vw, 216px\" \/> <img loading=\"lazy\" decoding=\"async\" alt=\"dominik 2\" class=\"alignnone size-medium wp-image-1541\" height=\"300\" src=\"https:\/\/parafia-ostrorog.pl\/wp-content\/uploads\/2016\/08\/dominik-2-214x300.jpg\" width=\"214\" srcset=\"https:\/\/parafia-ostrorog.pl\/wp-content\/uploads\/2016\/08\/dominik-2-214x300.jpg 214w, https:\/\/parafia-ostrorog.pl\/wp-content\/uploads\/2016\/08\/dominik-2-768x1076.jpg 768w, https:\/\/parafia-ostrorog.pl\/wp-content\/uploads\/2016\/08\/dominik-2-731x1024.jpg 731w, https:\/\/parafia-ostrorog.pl\/wp-content\/uploads\/2016\/08\/dominik-2.jpg 1142w\" sizes=\"auto, (max-width: 214px) 100vw, 214px\" \/><\/p>\n","protected":false},"excerpt":{"rendered":"<p>&nbsp; Ministranci w&nbsp; Parafii Wniebowzi\u0119cia Naj\u015bwi\u0119tszej Maryi Panny w Ostrorogu &nbsp; ZARZ\u0104D Jakub Klauze &#8211; prezes Micha\u0142 D\u0105browski &ndash; zast\u0119pca prezesa Bartosz Hoffmann &#8211; skarbnik &nbsp; Zbi&oacute;rki ministrant&oacute;w godzina 10.00 Lp. Data&nbsp; Godzina Miejsce Kogo dotyczy 1. 18.02.2017r. 10.00 Salki Ministranci z rodzicami 2. 25.02.2017r. 10.00 Hala sportowo-widowiskowa ministranci 3. 04.03.2017r. 10.00 Salki ministranci 4. [&hellip;]<\/p>\n","protected":false},"author":1,"featured_media":0,"parent":40,"menu_order":0,"comment_status":"closed","ping_status":"closed","template":"","meta":{"ngg_post_thumbnail":0,"footnotes":""},"class_list":["post-765","page","type-page","status-publish","hentry"],"_links":{"self":[{"href":"https:\/\/parafia-ostrorog.pl\/index.php\/wp-json\/wp\/v2\/pages\/765","targetHints":{"allow":["GET"]}}],"collection":[{"href":"https:\/\/parafia-ostrorog.pl\/index.php\/wp-json\/wp\/v2\/pages"}],"about":[{"href":"https:\/\/parafia-ostrorog.pl\/index.php\/wp-json\/wp\/v2\/types\/page"}],"author":[{"embeddable":true,"href":"https:\/\/parafia-ostrorog.pl\/index.php\/wp-json\/wp\/v2\/users\/1"}],"replies":[{"embeddable":true,"href":"https:\/\/parafia-ostrorog.pl\/index.php\/wp-json\/wp\/v2\/comments?post=765"}],"version-history":[{"count":7,"href":"https:\/\/parafia-ostrorog.pl\/index.php\/wp-json\/wp\/v2\/pages\/765\/revisions"}],"predecessor-version":[{"id":4604,"href":"https:\/\/parafia-ostrorog.pl\/index.php\/wp-json\/wp\/v2\/pages\/765\/revisions\/4604"}],"up":[{"embeddable":true,"href":"https:\/\/parafia-ostrorog.pl\/index.php\/wp-json\/wp\/v2\/pages\/40"}],"wp:attachment":[{"href":"https:\/\/parafia-ostrorog.pl\/index.php\/wp-json\/wp\/v2\/media?parent=765"}],"curies":[{"name":"wp","href":"https:\/\/api.w.org\/{rel}","templated":true}]}}